{"id":13391,"date":"2025-03-10T14:53:51","date_gmt":"2025-03-10T13:53:51","guid":{"rendered":"https:\/\/abogadasmf.com\/?page_id=13391"},"modified":"2025-03-10T14:53:51","modified_gmt":"2025-03-10T13:53:51","slug":"advocats-divorci-barcelona-3","status":"publish","type":"page","link":"https:\/\/abogadasmf.com\/ca\/advocats-divorci-barcelona-3\/","title":{"rendered":"Advocats Divorci Barcelona"},"content":{"rendered":"<div class=\"row \"><div class=\"wpv-grid grid-1-1  wpv-first-level first unextended\" style=\"padding-top:0px;padding-bottom:0px\" id=\"about-content\" ><div class=\"sep\"><\/div>\n<div class=\"row \"><div class=\"wpv-grid grid-1-1  first unextended animation-from-bottom animated-active\" style=\"padding-top:0px;padding-bottom:0px\" id=\"wpv-column-aca2493c4d45c956e12e1edc2c65d820\" ><h1>Advocats Divorci Barcelona<\/h1>\n<p>Quan prens la dif\u00edcil decisi\u00f3 de\u00a0<strong>separar-te o divorciar-te<\/strong>\u00a0de la teva parella, o \u00e9s el teu c\u00f2njuge qui l&#8217;ha pres, et sorgeixen molts dubtes legals sobre qu\u00e8 passar\u00e0 a partir d&#8217;ara.<\/p>\n<p>A\u00a0<strong>Mateo Ferr\u00fas Advocades<\/strong>\u00a0podem ajudar-te. Des del moment en qu\u00e8 contactis amb nosaltres t&#8217;aconsellarem sobre quins s\u00f3n els passos que has de seguir. Sovint, per falta d&#8217;<strong>d&#8217;informaci\u00f3 sobre quins s\u00f3n els teus drets o les teves obligacions,<\/strong>\u00a0es cometen errors que pots evitar si est\u00e0s degudament assessorat.<\/p>\n<p>Per aix\u00f2 estudiarem amb tu quina \u00e9s la teva situaci\u00f3 personal, familiar i laboral, per entendre-la i poder <strong>intervenir i negociar <\/strong>en el teu nom<strong>.\u00a0<\/strong>Coneixent la vostra concreta realitat podrem elaborar una proposta de <strong>Conveni Regulador de Separaci\u00f3, Divorci o Ruptura de parella de fet<\/strong>\u00a0que s&#8217;adapti a les vostres necessitats i on s\u2019estableixi tot el que la llei exigeix que es reguli en aquests casos.<\/p>\n<p>Si hi ha fills, es far\u00e0 un\u00a0<strong>Pla de Parentalitat<\/strong>, on haurem de pactar i decidir, el tipus de cust\u00f2dia, \u00e9s a dir, si \u00e9s m\u00e9s convenient pels vostres fills establir una <strong>cust\u00f2dia compartida<\/strong>\u00a0o una\u00a0<strong>cust\u00f2dia individual<\/strong>\u00a0a favor d&#8217;un dels progenitors. En funci\u00f3 del tipus de cust\u00f2dia s&#8217;establir\u00e0 la <strong>contribuci\u00f3 econ\u00f2mica dels progenitors<\/strong>\u00a0o la<strong>\u00a0pensi\u00f3 d&#8217;aliments\u00a0<\/strong>per a les despeses dels fills. En el Conveni s&#8217;haur\u00e0 de fixar qu\u00e8 es fa amb el domicili familiar: si s&#8217;estableix un <strong>dret d&#8217;\u00fas<\/strong> a favor d&#8217;un dels c\u00f2njuges o parella de fet, si es posa en <strong>venda l&#8217;habitatge familiar<\/strong>\u00a0a tercers, o, si se la queda un o altre membre de la parella. En aquest cas\u00a0<strong>us podreu beneficiar de les exempcions fiscals\u00a0<\/strong>que la llei atorga si l&#8217;habitatge se\u2019l queda un o l\u2019altre copropietari, tant si sou matrimoni com si sou parella de fet.<\/p>\n<p>Si no hi ha acord i es planteg\u00e9s un\u00a0<strong>procediment judicial contenci\u00f3s<\/strong>, el jutge haur\u00e0 de decidir sobre les mateixes q\u00fcestions: quina guarda s&#8217;estableix; quina contribuci\u00f3 econ\u00f2mica o quina <strong>pensi\u00f3 d&#8217;aliments<\/strong>\u00a0es fixa a c\u00e0rrec de cada progenitor; si s\u2019atribueix l&#8217;\u00fas del domicili familiar a algun dels membres i, si escau, <strong>quin r\u00e8gim de relaci\u00f3 es fixa entre els n\u00e9ts i els avis<\/strong>.En el proc\u00e9s judicial cal que demanis i acreditis correctament tot el que demanes perqu\u00e8 el jutge pugui concedir-t\u2019ho. Si no es fa b\u00e9 t&#8217;arrisques a perdre el que m\u00e9s vols. Per desgr\u00e0cia moltes vegades som testimonis de com un incorrecte assessorament ha causat greus perjudicis. \u00c9s molt dif\u00edcil poder modificar una sent\u00e8ncia quan no s&#8217;ha emprat una correcta estrat\u00e8gia legal o no s&#8217;han fet les peticions com disposa la llei. Per aix\u00f2 has de <strong>comptar des del primer moment amb el millor assessorament per a la defensa dels teus interessos<\/strong>.<\/p>\n<p>A\u00a0<strong>Mateo Ferr\u00fas Advocades<\/strong>, comptar\u00e0s amb experts <a href=\"http:\/\/abogadasmf.com\/abogados-de-familia-en-barcelona\/\" target=\"_blank\" rel=\"noopener noreferrer\"><em>advocats de fam\u00edlia a Barcelona<\/em><\/a><em>\u00a0\u00a0<\/em>amb molts anys d&#8217;experi\u00e8ncia i altament capacitats per a tramitar i negociar teu conveni de separaci\u00f3, divorci o ruptura de parella de forma completament personalitzada i adequada a les teves circumst\u00e0ncies familiars i econ\u00f2miques. Si no ha estat possible arribar a un acord, comptem amb una dilatada experi\u00e8ncia per planificar i defensar judicialment separacions, divorcis o processos de ruptura complexos. Coneixem les resolucions que ha dictat el jutjat que sentenciar\u00e0 el teu cas, quina \u00e9s la pr\u00e0ctica habitual d\u2019aquest Jutjat i quines s\u00f3n les pautes d&#8217;actuaci\u00f3 processal durant el judici. Estem en constant formaci\u00f3 per plantejar les estrat\u00e8gies de defensa que millor s&#8217;adaptin al teu cas.<\/p>\n<p>Si com a conseq\u00fc\u00e8ncia de la ruptura sorgissin problemes penals, els nostres\u00a0<a href=\"http:\/\/abogadasmf.com\/abogados-penalistas-barcelona\/\" target=\"_blank\" rel=\"noopener noreferrer\"><em>advocats penalistes a Barcelona<\/em><\/a>\u00a0especialitzats en actuar com a acusaci\u00f3 o com a defensa en aquest tipus de delictes t&#8217;ajudaran. Tan teu advocat penalista com el teu\u00a0<a href=\"http:\/\/abogadasmf.com\/abogado-divorcio-barcelona\/\" target=\"_blank\" rel=\"noopener noreferrer\">advocats de divorci a Barcelona<\/a>\u00a0estaran\u00a0<strong>coordinats per la teva millor<\/strong>\u00a0<strong>defensa<\/strong>.<\/p>\n<p>Ens agrada la nostra feina i exercim la nostra professi\u00f3 amb dedicaci\u00f3, professionalitat, honestedat, efic\u00e0cia, entrega i proximitat amb el client. Et sentir\u00e0s ben assessorat i acompanyat en el dif\u00edcil tr\u00e0mit de la teva ruptura. Perqu\u00e8 en el dret matrimonial no nom\u00e9s calen excel\u00b7lents coneixements t\u00e8cnics per dur endavant el proc\u00e9s, sin\u00f3 que tamb\u00e9 es necessita estar dotat d\u2019una\u00a0<strong>sensibilitat especial per entendre el dif\u00edcil moment que est\u00e0 vivint el client<\/strong>. I perqu\u00e8 els nostres clients aix\u00ed ens ho diuen, sabem que <strong>podem oferir-te l&#8217;acompanyament necessari per ajudar-te a prendre decisions legals en moments complicats emocionalment<\/strong>.<\/p>\n<p>Vols estar ben assessorat?\u00a0<strong>Truca&#8217;ns al\u00a0<\/strong><a href=\"tel:930003848\">93 000 38 48<\/a><u>.<\/u><\/div><\/div><\/div><\/div>\n<div class=\"row \"><div class=\"wpv-grid grid-1-1  wpv-first-level first unextended\" style=\"padding-top:0px;padding-bottom:0px\" id=\"about-content\" ><div class=\"sep\"><\/div>\n<div class=\"row \"><div class=\"wpv-grid grid-1-1  first unextended animation-from-bottom animated-active\" style=\"padding-top:0px;padding-bottom:0px\" id=\"wpv-column-eda5609d0c3d8ece1fdad916e7662563\" ><h3><span style=\"color: #9d2235;\"><strong>Reserva la teva cita en un Despatx Especialitzat en Divorci.\u00a0<\/strong><\/span><\/h3>\n<h4><strong>Honoraris transparents des del principi, per la teva tranquil\u00b7litat.<\/strong><\/h4>\n<h4><span style=\"color: #9d2235;\"><strong>Explica&#8217;ns el teu cas i t&#8217;ajudem.<\/strong><\/span><\/h4><\/div><\/div><\/div><\/div>\n<div class=\"row \"><div class=\"wpv-grid grid-1-2  wpv-first-level first unextended\" style=\"padding-top:0px;padding-bottom:0px\" id=\"about-content\" ><div class=\"push\" style='height:30px'><\/div>\n<div class=\"row \"><div class=\"wpv-grid grid-1-1  first unextended\" style=\"padding-top:0px;padding-bottom:0px\" id=\"wpv-column-0a06ec649eb36c14abef5701d9008a11\" ><p><style id=\"wpforms-css-vars-44659\">\n\t\t\t\t#wpforms-44659 {\n\t\t\t\t\n\t\t\t}\n\t\t\t<\/style><div class=\"wpforms-container wpforms-container-full wpforms-render-modern\" id=\"wpforms-44659\"><form id=\"wpforms-form-44659\" class=\"wpforms-validate wpforms-form wpforms-ajax-form\" data-formid=\"44659\" method=\"post\" enctype=\"multipart\/form-data\" action=\"\/ca\/wp-json\/wp\/v2\/pages\/13391\" data-token=\"9452dd8e535fbd0e495cb37350fe4546\" data-token-time=\"1777641814\"><noscript class=\"wpforms-error-noscript\">Activeu el JavaScript al navegador per a poder completar el formulari.<\/noscript><div id=\"wpforms-error-noscript\" style=\"display: none;\">Activeu el JavaScript al navegador per a poder completar el formulari.<\/div><div class=\"wpforms-field-container\"><div id=\"wpforms-44659-field_1-container\" class=\"wpforms-field wpforms-field-name\" data-field-id=\"1\"><label class=\"wpforms-field-label\" for=\"wpforms-44659-field_1\">Nom <span class=\"wpforms-required-label\" aria-hidden=\"true\">*<\/span><\/label><input type=\"text\" id=\"wpforms-44659-field_1\" class=\"wpforms-field-medium wpforms-field-required\" name=\"wpforms[fields][1]\" aria-errormessage=\"wpforms-44659-field_1-error\" required><\/div><div id=\"wpforms-44659-field_2-container\" class=\"wpforms-field wpforms-field-email\" data-field-id=\"2\"><label class=\"wpforms-field-label\" for=\"wpforms-44659-field_2\">Correu electr\u00f2nic <span class=\"wpforms-required-label\" aria-hidden=\"true\">*<\/span><\/label><input type=\"email\" id=\"wpforms-44659-field_2\" class=\"wpforms-field-medium wpforms-field-required\" name=\"wpforms[fields][2]\" spellcheck=\"false\" aria-errormessage=\"wpforms-44659-field_2-error\" required><\/div><div id=\"wpforms-44659-field_6-container\" class=\"wpforms-field wpforms-field-number\" data-field-id=\"6\"><label class=\"wpforms-field-label\" for=\"wpforms-44659-field_6\">N\u00famero de tel\u00e8fon <span class=\"wpforms-required-label\" aria-hidden=\"true\">*<\/span><\/label><input type=\"number\" id=\"wpforms-44659-field_6\" class=\"wpforms-field-medium wpforms-field-required\" name=\"wpforms[fields][6]\" step=\"any\" aria-errormessage=\"wpforms-44659-field_6-error\" required><\/div><div id=\"wpforms-44659-field_3-container\" class=\"wpforms-field wpforms-field-textarea\" data-field-id=\"3\"><label class=\"wpforms-field-label\" for=\"wpforms-44659-field_3\">Breu descripci\u00f3 del teu assumpte per ajudarte: <span class=\"wpforms-required-label\" aria-hidden=\"true\">*<\/span><\/label><textarea id=\"wpforms-44659-field_3\" class=\"wpforms-field-medium wpforms-field-required\" name=\"wpforms[fields][3]\" aria-errormessage=\"wpforms-44659-field_3-error\" required><\/textarea><\/div>\t\t<div id=\"wpforms-44659-field_5-container\"\n\t\t\tclass=\"wpforms-field wpforms-field-text\"\n\t\t\tdata-field-type=\"text\"\n\t\t\tdata-field-id=\"5\"\n\t\t\t>\n\t\t\t<label class=\"wpforms-field-label\" for=\"wpforms-44659-field_5\" >teu assumpte Nom<\/label>\n\t\t\t<input type=\"text\" id=\"wpforms-44659-field_5\" class=\"wpforms-field-medium\" name=\"wpforms[fields][5]\" >\n\t\t<\/div>\n\t\t<div id=\"wpforms-44659-field_4-container\" class=\"wpforms-field wpforms-field-gdpr-checkbox\" data-field-id=\"4\"><label class=\"wpforms-field-label\">Acord RGPD <span class=\"wpforms-required-label\" aria-hidden=\"true\">*<\/span><\/label><ul id=\"wpforms-44659-field_4\" class=\"wpforms-field-required\"><li class=\"choice-1\"><input type=\"checkbox\" id=\"wpforms-44659-field_4_1\" name=\"wpforms[fields][4][]\" value=\"He llegit i accepto la pol\u00edtica de protecci\u00f3 de dades personals.\" aria-errormessage=\"wpforms-44659-field_4_1-error\" required ><label class=\"wpforms-field-label-inline\" for=\"wpforms-44659-field_4_1\">He llegit i accepto la pol\u00edtica de protecci\u00f3 de dades personals.<\/label><\/li><\/ul><\/div><script>\n\t\t\t\t( function() {\n\t\t\t\t\tconst style = document.createElement( 'style' );\n\t\t\t\t\tstyle.appendChild( document.createTextNode( '#wpforms-44659-field_5-container { position: absolute !important; overflow: hidden !important; display: inline !important; height: 1px !important; width: 1px !important; z-index: -1000 !important; padding: 0 !important; } #wpforms-44659-field_5-container input { visibility: hidden; } #wpforms-conversational-form-page #wpforms-44659-field_5-container label { counter-increment: none; }' ) );\n\t\t\t\t\tdocument.head.appendChild( style );\n\t\t\t\t\tdocument.currentScript?.remove();\n\t\t\t\t} )();\n\t\t\t<\/script><\/div><!-- .wpforms-field-container --><div class=\"wpforms-submit-container\" ><input type=\"hidden\" name=\"wpforms[id]\" value=\"44659\"><input type=\"hidden\" name=\"page_title\" value=\"\"><input type=\"hidden\" name=\"page_url\" value=\"https:\/\/abogadasmf.com\/ca\/wp-json\/wp\/v2\/pages\/13391\"><input type=\"hidden\" name=\"url_referer\" value=\"\"><button type=\"submit\" name=\"wpforms[submit]\" id=\"wpforms-submit-44659\" class=\"wpforms-submit\" data-alt-text=\"Enviant...\" data-submit-text=\"Enviar\" aria-live=\"assertive\" value=\"wpforms-submit\">Enviar<\/button><img loading=\"lazy\" decoding=\"async\" src=\"https:\/\/abogadasmf.com\/wp-content\/plugins\/wpforms\/assets\/images\/submit-spin.svg\" class=\"wpforms-submit-spinner\" style=\"display: none;\" width=\"26\" height=\"26\" alt=\"S&#039;est\u00e0 carregant\"><\/div><\/form><\/div>  <!-- .wpforms-container --><\/div><\/div><\/div>\n<div class=\"wpv-grid grid-1-2  wpv-first-level unextended\" style=\"padding-top:0px;padding-bottom:0px\" id=\"about-content\" ><div class=\"row \"><div class=\"wpv-grid grid-1-1  first unextended animation-from-bottom animated-active\" style=\"padding-top:0px;padding-bottom:0px\" id=\"wpv-column-7737fc97ce37fe2053a0b65e9b01a1c4\" ><p style=\"text-align: center;\"><a href=\"http:\/\/abogadasmf.com\/wp-content\/uploads\/2018\/02\/abogados-familia-barcelona.jpg\"><img loading=\"lazy\" decoding=\"async\" class=\"alignnone size-full wp-image-12150\" src=\"http:\/\/abogadasmf.com\/wp-content\/uploads\/2018\/02\/abogados-familia-barcelona.jpg\" alt=\"abogados familia barcelona\" width=\"500\" height=\"577\" srcset=\"https:\/\/abogadasmf.com\/wp-content\/uploads\/2018\/02\/abogados-familia-barcelona.jpg 500w, https:\/\/abogadasmf.com\/wp-content\/uploads\/2018\/02\/abogados-familia-barcelona-260x300.jpg 260w, https:\/\/abogadasmf.com\/wp-content\/uploads\/2018\/02\/abogados-familia-barcelona-360x415.jpg 360w, https:\/\/abogadasmf.com\/wp-content\/uploads\/2018\/02\/abogados-familia-barcelona-262x302.jpg 262w\" sizes=\"auto, (max-width: 500px) 100vw, 500px\" \/><\/a><\/div><\/div><\/div><\/div>\n<div class=\"push\" style='height:30px'><\/div>\n","protected":false},"excerpt":{"rendered":"<p>Advocats Divorci Barcelona Quan prens la dif\u00edcil decisi\u00f3 de\u00a0separar-te o divorciar-te\u00a0de la teva parella, o \u00e9s el teu c\u00f2njuge qui l&#8217;ha pres, et sorgeixen molts dubtes legals sobre qu\u00e8 passar\u00e0 a partir d&#8217;ara. A\u00a0Mateo Ferr\u00fas Advocades\u00a0podem ajudar-te. Des del moment en qu\u00e8 contactis amb nosaltres t&#8217;aconsellarem sobre quins s\u00f3n els passos que has de seguir&#8230;.<\/p>\n","protected":false},"author":19,"featured_media":0,"parent":0,"menu_order":0,"comment_status":"closed","ping_status":"closed","template":"","meta":{"footnotes":""},"class_list":["post-13391","page","type-page","status-publish","hentry"],"yoast_head":"<!-- This site is optimized with the Yoast SEO Premium plugin v27.4 (Yoast SEO v27.4) - https:\/\/yoast.com\/product\/yoast-seo-premium-wordpress\/ -->\n<title>Mateo Ferr\u00fas Advocades | Advocats divorci Barcelona<\/title>\n<meta name=\"description\" content=\"Advocades divorci Barcelona, especialitzats en Dret Successori. Planificaci\u00f3 d&#039;her\u00e8ncies i reclamaci\u00f3 de leg\u00edtimes. Demani Cita 930003848\" \/>\n<meta name=\"robots\" content=\"index, follow, max-snippet:-1, max-image-preview:large, max-video-preview:-1\" \/>\n<link rel=\"canonical\" href=\"https:\/\/abogadasmf.com\/ca\/advocats-divorci-barcelona-3\/\" \/>\n<meta property=\"og:locale\" content=\"ca_ES\" \/>\n<meta property=\"og:type\" content=\"article\" \/>\n<meta property=\"og:title\" content=\"Advocats Divorci Barcelona\" \/>\n<meta property=\"og:description\" content=\"Advocades divorci Barcelona, especialitzats en Dret Successori. Planificaci\u00f3 d&#039;her\u00e8ncies i reclamaci\u00f3 de leg\u00edtimes. Demani Cita 930003848\" \/>\n<meta property=\"og:url\" content=\"https:\/\/abogadasmf.com\/ca\/advocats-divorci-barcelona-3\/\" \/>\n<meta property=\"og:site_name\" content=\"Mateo Ferr\u00fas Abogadas\" \/>\n<meta property=\"article:publisher\" content=\"https:\/\/m.facebook.com\/MateoFerrusAbogadas\/\" \/>\n<meta property=\"og:image\" content=\"http:\/\/www.abogadasmf.com\/wp-content\/uploads\/2018\/02\/abogados-familia-barcelona.jpg\" \/>\n<meta name=\"twitter:card\" content=\"summary_large_image\" \/>\n<meta name=\"twitter:site\" content=\"@AbogadasMF\" \/>\n<meta name=\"twitter:label1\" content=\"Temps estimat de lectura\" \/>\n\t<meta name=\"twitter:data1\" content=\"5 minuts\" \/>\n<script type=\"application\/ld+json\" class=\"yoast-schema-graph\">{\"@context\":\"https:\\\/\\\/schema.org\",\"@graph\":[{\"@type\":\"WebPage\",\"@id\":\"https:\\\/\\\/abogadasmf.com\\\/ca\\\/advocats-divorci-barcelona-3\\\/\",\"url\":\"https:\\\/\\\/abogadasmf.com\\\/ca\\\/advocats-divorci-barcelona-3\\\/\",\"name\":\"Mateo Ferr\u00fas Advocades | Advocats divorci Barcelona\",\"isPartOf\":{\"@id\":\"https:\\\/\\\/abogadasmf.com\\\/ca\\\/#website\"},\"primaryImageOfPage\":{\"@id\":\"https:\\\/\\\/abogadasmf.com\\\/ca\\\/advocats-divorci-barcelona-3\\\/#primaryimage\"},\"image\":{\"@id\":\"https:\\\/\\\/abogadasmf.com\\\/ca\\\/advocats-divorci-barcelona-3\\\/#primaryimage\"},\"thumbnailUrl\":\"http:\\\/\\\/www.abogadasmf.com\\\/wp-content\\\/uploads\\\/2018\\\/02\\\/abogados-familia-barcelona.jpg\",\"datePublished\":\"2025-03-10T13:53:51+00:00\",\"description\":\"Advocades divorci Barcelona, especialitzats en Dret Successori. Planificaci\u00f3 d'her\u00e8ncies i reclamaci\u00f3 de leg\u00edtimes. Demani Cita 930003848\",\"breadcrumb\":{\"@id\":\"https:\\\/\\\/abogadasmf.com\\\/ca\\\/advocats-divorci-barcelona-3\\\/#breadcrumb\"},\"inLanguage\":\"ca\",\"potentialAction\":[{\"@type\":\"ReadAction\",\"target\":[\"https:\\\/\\\/abogadasmf.com\\\/ca\\\/advocats-divorci-barcelona-3\\\/\"]}]},{\"@type\":\"ImageObject\",\"inLanguage\":\"ca\",\"@id\":\"https:\\\/\\\/abogadasmf.com\\\/ca\\\/advocats-divorci-barcelona-3\\\/#primaryimage\",\"url\":\"http:\\\/\\\/www.abogadasmf.com\\\/wp-content\\\/uploads\\\/2018\\\/02\\\/abogados-familia-barcelona.jpg\",\"contentUrl\":\"http:\\\/\\\/www.abogadasmf.com\\\/wp-content\\\/uploads\\\/2018\\\/02\\\/abogados-familia-barcelona.jpg\"},{\"@type\":\"BreadcrumbList\",\"@id\":\"https:\\\/\\\/abogadasmf.com\\\/ca\\\/advocats-divorci-barcelona-3\\\/#breadcrumb\",\"itemListElement\":[{\"@type\":\"ListItem\",\"position\":1,\"name\":\"Home\",\"item\":\"https:\\\/\\\/www.abogadasmf.com\\\/ca\\\/\"},{\"@type\":\"ListItem\",\"position\":2,\"name\":\"Advocats Divorci Barcelona\"}]},{\"@type\":\"WebSite\",\"@id\":\"https:\\\/\\\/abogadasmf.com\\\/ca\\\/#website\",\"url\":\"https:\\\/\\\/abogadasmf.com\\\/ca\\\/\",\"name\":\"Mateo Ferr\u00fas Abogadas Barcelona\",\"description\":\"Abogada Matrimonialista Barcelona\",\"publisher\":{\"@id\":\"https:\\\/\\\/abogadasmf.com\\\/ca\\\/#organization\"},\"alternateName\":\"Mateo Ferr\u00fas Herencias Barcelona\",\"potentialAction\":[{\"@type\":\"SearchAction\",\"target\":{\"@type\":\"EntryPoint\",\"urlTemplate\":\"https:\\\/\\\/abogadasmf.com\\\/ca\\\/?s={search_term_string}\"},\"query-input\":{\"@type\":\"PropertyValueSpecification\",\"valueRequired\":true,\"valueName\":\"search_term_string\"}}],\"inLanguage\":\"ca\"},{\"@type\":[\"Organization\",\"Place\"],\"@id\":\"https:\\\/\\\/abogadasmf.com\\\/ca\\\/#organization\",\"name\":\"Mateo Ferr\u00fas Abogadas\",\"url\":\"https:\\\/\\\/abogadasmf.com\\\/ca\\\/\",\"logo\":{\"@id\":\"https:\\\/\\\/abogadasmf.com\\\/ca\\\/advocats-divorci-barcelona-3\\\/#local-main-organization-logo\"},\"image\":{\"@id\":\"https:\\\/\\\/abogadasmf.com\\\/ca\\\/advocats-divorci-barcelona-3\\\/#local-main-organization-logo\"},\"sameAs\":[\"https:\\\/\\\/m.facebook.com\\\/MateoFerrusAbogadas\\\/\",\"https:\\\/\\\/x.com\\\/AbogadasMF\"],\"address\":{\"@id\":\"https:\\\/\\\/abogadasmf.com\\\/ca\\\/advocats-divorci-barcelona-3\\\/#local-main-place-address\"},\"telephone\":[\"+34930003848\"],\"contactPoint\":{\"@type\":\"ContactPoint\",\"telephone\":\"930003848\",\"email\":\"info@abogadasmf.com\"},\"openingHoursSpecification\":[{\"@type\":\"OpeningHoursSpecification\",\"dayOfWeek\":[\"Monday\",\"Tuesday\",\"Wednesday\",\"Thursday\",\"Friday\",\"Saturday\",\"Sunday\"],\"opens\":\"09:00\",\"closes\":\"17:00\"}],\"email\":\"info@abogadasmf.com\"},{\"@type\":\"PostalAddress\",\"@id\":\"https:\\\/\\\/abogadasmf.com\\\/ca\\\/advocats-divorci-barcelona-3\\\/#local-main-place-address\",\"streetAddress\":\"Av. Diagonal 462 5-1\",\"addressLocality\":\"Barcelona\",\"postalCode\":\"08006\",\"addressCountry\":\"ES\"},{\"@type\":\"ImageObject\",\"inLanguage\":\"ca\",\"@id\":\"https:\\\/\\\/abogadasmf.com\\\/ca\\\/advocats-divorci-barcelona-3\\\/#local-main-organization-logo\",\"url\":\"https:\\\/\\\/abogadasmf.com\\\/wp-content\\\/uploads\\\/2013\\\/07\\\/Captura-de-pantalla-2017-01-22-11.51.20.png\",\"contentUrl\":\"https:\\\/\\\/abogadasmf.com\\\/wp-content\\\/uploads\\\/2013\\\/07\\\/Captura-de-pantalla-2017-01-22-11.51.20.png\",\"width\":1218,\"height\":1216,\"caption\":\"Mateo Ferr\u00fas Abogadas\"}]}<\/script>\n<meta name=\"geo.placename\" content=\"Barcelona\" \/>\n<meta name=\"geo.region\" content=\"Espanya\" \/>\n<!-- \/ Yoast SEO Premium plugin. -->","yoast_head_json":{"title":"Mateo Ferr\u00fas Advocades | Advocats divorci Barcelona","description":"Advocades divorci Barcelona, especialitzats en Dret Successori. Planificaci\u00f3 d'her\u00e8ncies i reclamaci\u00f3 de leg\u00edtimes. Demani Cita 930003848","robots":{"index":"index","follow":"follow","max-snippet":"max-snippet:-1","max-image-preview":"max-image-preview:large","max-video-preview":"max-video-preview:-1"},"canonical":"https:\/\/abogadasmf.com\/ca\/advocats-divorci-barcelona-3\/","og_locale":"ca_ES","og_type":"article","og_title":"Advocats Divorci Barcelona","og_description":"Advocades divorci Barcelona, especialitzats en Dret Successori. Planificaci\u00f3 d'her\u00e8ncies i reclamaci\u00f3 de leg\u00edtimes. Demani Cita 930003848","og_url":"https:\/\/abogadasmf.com\/ca\/advocats-divorci-barcelona-3\/","og_site_name":"Mateo Ferr\u00fas Abogadas","article_publisher":"https:\/\/m.facebook.com\/MateoFerrusAbogadas\/","og_image":[{"url":"http:\/\/www.abogadasmf.com\/wp-content\/uploads\/2018\/02\/abogados-familia-barcelona.jpg","type":"","width":"","height":""}],"twitter_card":"summary_large_image","twitter_site":"@AbogadasMF","twitter_misc":{"Temps estimat de lectura":"5 minuts"},"schema":{"@context":"https:\/\/schema.org","@graph":[{"@type":"WebPage","@id":"https:\/\/abogadasmf.com\/ca\/advocats-divorci-barcelona-3\/","url":"https:\/\/abogadasmf.com\/ca\/advocats-divorci-barcelona-3\/","name":"Mateo Ferr\u00fas Advocades | Advocats divorci Barcelona","isPartOf":{"@id":"https:\/\/abogadasmf.com\/ca\/#website"},"primaryImageOfPage":{"@id":"https:\/\/abogadasmf.com\/ca\/advocats-divorci-barcelona-3\/#primaryimage"},"image":{"@id":"https:\/\/abogadasmf.com\/ca\/advocats-divorci-barcelona-3\/#primaryimage"},"thumbnailUrl":"http:\/\/www.abogadasmf.com\/wp-content\/uploads\/2018\/02\/abogados-familia-barcelona.jpg","datePublished":"2025-03-10T13:53:51+00:00","description":"Advocades divorci Barcelona, especialitzats en Dret Successori. Planificaci\u00f3 d'her\u00e8ncies i reclamaci\u00f3 de leg\u00edtimes. Demani Cita 930003848","breadcrumb":{"@id":"https:\/\/abogadasmf.com\/ca\/advocats-divorci-barcelona-3\/#breadcrumb"},"inLanguage":"ca","potentialAction":[{"@type":"ReadAction","target":["https:\/\/abogadasmf.com\/ca\/advocats-divorci-barcelona-3\/"]}]},{"@type":"ImageObject","inLanguage":"ca","@id":"https:\/\/abogadasmf.com\/ca\/advocats-divorci-barcelona-3\/#primaryimage","url":"http:\/\/www.abogadasmf.com\/wp-content\/uploads\/2018\/02\/abogados-familia-barcelona.jpg","contentUrl":"http:\/\/www.abogadasmf.com\/wp-content\/uploads\/2018\/02\/abogados-familia-barcelona.jpg"},{"@type":"BreadcrumbList","@id":"https:\/\/abogadasmf.com\/ca\/advocats-divorci-barcelona-3\/#breadcrumb","itemListElement":[{"@type":"ListItem","position":1,"name":"Home","item":"https:\/\/www.abogadasmf.com\/ca\/"},{"@type":"ListItem","position":2,"name":"Advocats Divorci Barcelona"}]},{"@type":"WebSite","@id":"https:\/\/abogadasmf.com\/ca\/#website","url":"https:\/\/abogadasmf.com\/ca\/","name":"Mateo Ferr\u00fas Abogadas Barcelona","description":"Abogada Matrimonialista Barcelona","publisher":{"@id":"https:\/\/abogadasmf.com\/ca\/#organization"},"alternateName":"Mateo Ferr\u00fas Herencias Barcelona","potentialAction":[{"@type":"SearchAction","target":{"@type":"EntryPoint","urlTemplate":"https:\/\/abogadasmf.com\/ca\/?s={search_term_string}"},"query-input":{"@type":"PropertyValueSpecification","valueRequired":true,"valueName":"search_term_string"}}],"inLanguage":"ca"},{"@type":["Organization","Place"],"@id":"https:\/\/abogadasmf.com\/ca\/#organization","name":"Mateo Ferr\u00fas Abogadas","url":"https:\/\/abogadasmf.com\/ca\/","logo":{"@id":"https:\/\/abogadasmf.com\/ca\/advocats-divorci-barcelona-3\/#local-main-organization-logo"},"image":{"@id":"https:\/\/abogadasmf.com\/ca\/advocats-divorci-barcelona-3\/#local-main-organization-logo"},"sameAs":["https:\/\/m.facebook.com\/MateoFerrusAbogadas\/","https:\/\/x.com\/AbogadasMF"],"address":{"@id":"https:\/\/abogadasmf.com\/ca\/advocats-divorci-barcelona-3\/#local-main-place-address"},"telephone":["+34930003848"],"contactPoint":{"@type":"ContactPoint","telephone":"930003848","email":"info@abogadasmf.com"},"openingHoursSpecification":[{"@type":"OpeningHoursSpecification","dayOfWeek":["Monday","Tuesday","Wednesday","Thursday","Friday","Saturday","Sunday"],"opens":"09:00","closes":"17:00"}],"email":"info@abogadasmf.com"},{"@type":"PostalAddress","@id":"https:\/\/abogadasmf.com\/ca\/advocats-divorci-barcelona-3\/#local-main-place-address","streetAddress":"Av. Diagonal 462 5-1","addressLocality":"Barcelona","postalCode":"08006","addressCountry":"ES"},{"@type":"ImageObject","inLanguage":"ca","@id":"https:\/\/abogadasmf.com\/ca\/advocats-divorci-barcelona-3\/#local-main-organization-logo","url":"https:\/\/abogadasmf.com\/wp-content\/uploads\/2013\/07\/Captura-de-pantalla-2017-01-22-11.51.20.png","contentUrl":"https:\/\/abogadasmf.com\/wp-content\/uploads\/2013\/07\/Captura-de-pantalla-2017-01-22-11.51.20.png","width":1218,"height":1216,"caption":"Mateo Ferr\u00fas Abogadas"}]},"geo.placename":"Barcelona","geo.region":"Espanya"},"_links":{"self":[{"href":"https:\/\/abogadasmf.com\/ca\/wp-json\/wp\/v2\/pages\/13391","targetHints":{"allow":["GET"]}}],"collection":[{"href":"https:\/\/abogadasmf.com\/ca\/wp-json\/wp\/v2\/pages"}],"about":[{"href":"https:\/\/abogadasmf.com\/ca\/wp-json\/wp\/v2\/types\/page"}],"author":[{"embeddable":true,"href":"https:\/\/abogadasmf.com\/ca\/wp-json\/wp\/v2\/users\/19"}],"replies":[{"embeddable":true,"href":"https:\/\/abogadasmf.com\/ca\/wp-json\/wp\/v2\/comments?post=13391"}],"version-history":[{"count":0,"href":"https:\/\/abogadasmf.com\/ca\/wp-json\/wp\/v2\/pages\/13391\/revisions"}],"wp:attachment":[{"href":"https:\/\/abogadasmf.com\/ca\/wp-json\/wp\/v2\/media?parent=13391"}],"curies":[{"name":"wp","href":"https:\/\/api.w.org\/{rel}","templated":true}]}}